{"id":3086,"date":"2026-01-22T13:41:07","date_gmt":"2026-01-22T12:41:07","guid":{"rendered":"https:\/\/www.tauriska.at\/kohr\/?post_type=tribe_events&#038;p=3086"},"modified":"2026-02-26T10:30:34","modified_gmt":"2026-02-26T09:30:34","slug":"sprachliche-raeume","status":"publish","type":"tribe_events","link":"https:\/\/www.tauriska.at\/kohr\/event\/sprachliche-raeume\/","title":{"rendered":"Akademisches Wirtshaus: Sprachliche R\u00e4ume &#8211; der Blick auf das Kleine im Gro\u00dfen &#8211; Lesung mit Erwin Einzinger"},"content":{"rendered":"<p>Geboren 1953 in Kirchdorf, Ober\u00f6sterreich, lebt als Schriftsteller, bildender K\u00fcnstler und \u00dcbersetzer in Micheldorf. Erwin Einzinger studierte Anglistik und Germanistik in Salzburg, 1983 erschien sein erster Prosaband \u00bbDas Erschrecken \u00fcber die Stille, in der die Wirklichkeit weitermachte\u00ab, f\u00fcr den er ein Jahr darauf mit dem Rauriser Literaturpreis (1984) ausgezeichnet wurde. 2010 wurde ihm der H.-C.-Artmann-Preis verliehen. Im Jung und Jung Verlag erschienen zuletzt die B\u00fccher \u00bbEin kirgisischer Western\u00ab (2015) und \u00bbDas Wildschwein\u00ab (2018), im Fr\u00fchjahr 2023 folgt \u00bbEin Rucksack voller Steigeisen\u00ab.<\/p>\n<p>Musikalische Umrahmung:<br \/>\nChrista Fuchsberger, Geige &amp; Gesang<br \/>\nEvelin Brunauer, Gitarre &amp; Gesang<\/p>\n<p>In Kooperation mit dem Verein Tauriska &amp; Leopold Kohr\u00ae-Akademie, artbv Berchtoldsvilla und dem Literaturarchiv Salzburg<\/p>\n<p><a href=\"\/download\/kohr\/Einzinger-2026.pdf\">Einladung Einzinger<\/a> (pdf)<\/p>\n","protected":false},"excerpt":{"rendered":"<p>Geboren 1953 in Kirchdorf, Ober\u00f6sterreich, lebt als Schriftsteller, bildender K\u00fcnstler und \u00dcbersetzer in Micheldorf. Erwin Einzinger studierte Anglistik und Germanistik in Salzburg, 1983 erschien sein erster Prosaband \u00bbDas Erschrecken \u00fcber [&hellip;]<\/p>\n","protected":false},"author":3,"featured_media":3088,"template":"","meta":{"_tribe_events_status":"","_tribe_events_status_reason":"","footnotes":""},"tags":[],"tribe_events_cat":[133],"class_list":["post-3086","tribe_events","type-tribe_events","status-publish","has-post-thumbnail","hentry","tribe_events_cat-akademisches-wirtshaus","cat_akademisches-wirtshaus"],"_links":{"self":[{"href":"https:\/\/www.tauriska.at\/kohr\/wp-json\/wp\/v2\/tribe_events\/3086"}],"collection":[{"href":"https:\/\/www.tauriska.at\/kohr\/wp-json\/wp\/v2\/tribe_events"}],"about":[{"href":"https:\/\/www.tauriska.at\/kohr\/wp-json\/wp\/v2\/types\/tribe_events"}],"author":[{"embeddable":true,"href":"https:\/\/www.tauriska.at\/kohr\/wp-json\/wp\/v2\/users\/3"}],"version-history":[{"count":7,"href":"https:\/\/www.tauriska.at\/kohr\/wp-json\/wp\/v2\/tribe_events\/3086\/revisions"}],"predecessor-version":[{"id":3122,"href":"https:\/\/www.tauriska.at\/kohr\/wp-json\/wp\/v2\/tribe_events\/3086\/revisions\/3122"}],"wp:featuredmedia":[{"embeddable":true,"href":"https:\/\/www.tauriska.at\/kohr\/wp-json\/wp\/v2\/media\/3088"}],"wp:attachment":[{"href":"https:\/\/www.tauriska.at\/kohr\/wp-json\/wp\/v2\/media?parent=3086"}],"wp:term":[{"taxonomy":"post_tag","embeddable":true,"href":"https:\/\/www.tauriska.at\/kohr\/wp-json\/wp\/v2\/tags?post=3086"},{"taxonomy":"tribe_events_cat","embeddable":true,"href":"https:\/\/www.tauriska.at\/kohr\/wp-json\/wp\/v2\/tribe_events_cat?post=3086"}],"curies":[{"name":"wp","href":"https:\/\/api.w.org\/{rel}","templated":true}]}}