{"id":1556,"date":"2019-04-24T11:08:00","date_gmt":"2019-04-24T09:08:00","guid":{"rendered":"https:\/\/www.tauriska.at\/kohr\/?post_type=tribe_events&#038;p=1556"},"modified":"2019-09-18T17:45:26","modified_gmt":"2019-09-18T15:45:26","slug":"leopold-kohr-summerschool-die-welt-der-reparatur","status":"publish","type":"tribe_events","link":"https:\/\/www.tauriska.at\/kohr\/event\/leopold-kohr-summerschool-die-welt-der-reparatur\/","title":{"rendered":"Leopold Kohr-Summerschool &#8211; \u201eDIE WELT DER REPARATUR\u201c"},"content":{"rendered":"<blockquote><p>\u201eWer die Welt retten will,<br \/>\nmuss die Produkte vor der Verg\u00e4nglichkeit retten:<br \/>\nDie Welt der Reparatur\u201c<\/p><\/blockquote>\n<p><em><strong>Wissenschaftliche Leitung: Postwachstums\u00f6konom Niko Paech<\/strong><\/em><\/p>\n<p>Reparieren \u2013 eine umweltfreundliche Revolution? Wer n\u00e4mlich Dinge nicht sofort wegschmei\u00dft und sie repariert, widersetzt sich geltenden Konsummechanismen und \u201eschraubt\u201c am Verst\u00e4ndnis, was Verbraucher k\u00f6nnen, sollen \u2013 und \u201ed\u00fcrfen\u201c. Die g\u00e4ngige Aussage: \u201eDie Reparatur der Waschmaschine oder des Druckers zahlt sich nicht aus, kaufen sie sich lieber ein neues Ger\u00e4t\u201c wird damit in Frage gestellt. In Frage gestellt wird aber auch ein ganzes System. Ger\u00e4t Reparieren gar zu einer umweltfreundlichen Revolution?<\/p>\n<p>Die Nutzungsdauerverl\u00e4ngerung allt\u00e4glicher Gebrauchsgegenst\u00e4nde durch Reparatur und Instandhaltung ist eine der erfolgver-sprechendsten Nachhaltigkeitsstrategien. Seit Jahrzehnten l\u00e4sst sich beobachten, dass Konsumg\u00fcter immer fr\u00fcher verschlei\u00dfen und zu Abfall werden.<br \/>\nDie dadurch bedingte Zunahme der Neuproduktion und Entsorgung ist l\u00e4ngst zu einem der dramatischsten Umweltprobleme geworden. Umgekehrt gilt aber auch: Die reichhaltigste Ressourcenquelle liegt l\u00e4ngst nicht mehr unter der Erde, sondern dar\u00fcber. Sie schlummert in der Flut bereits produzierter G\u00fcter. Deren Erhalt und Nutzung er\u00f6ffnet neue Chancen f\u00fcr eine innovative Wirtschaft der kleinen Einheiten. Davon profitiert eine lokale und kleinr\u00e4umige Versorgung, die nicht auf verschwenderischer Neuherstellung, sondern dem kreativen Erhalt der Dinge basiert. Das l\u00e4sst Regionen und Kommunen krisenfester werden. Indem die st\u00e4dtische Versorgung von Industrieproduktion unabh\u00e4ngiger wird, entstehen handwerkliche Erwerbs- und Arbeitsbedingungen, die vor globaler Konkurrenz und der Internet-\u00d6konomie besser gesch\u00fctzt sind.<\/p>\n<p>Reparaturkulturen sind auch Gegenstand nachhaltiger Lebensstile und Bildungsprogramme. Davon profitieren Verbraucher: Wer sich mit Dingen umgibt, der repariert werden k\u00f6nnen, ben\u00f6tigt weniger Geld, ist unabh\u00e4ngig und verbucht Erfolgserlebnisse in Reparatur-Cafes und offenen Werkst\u00e4tten. Im zweiten akademischen Wirtshaus \u00e0 la Leopold Kohr sollen die Optionen einer modernen Reparaturkultur ausgelotet werden, die zum Baustein einer zukunftsf\u00e4higen \u00d6konomie und Lebensweise werden k\u00f6nnen.<\/p>\n<p>&nbsp;<\/p>\n<p><strong>Programm<\/strong><br \/>\n<strong>Do 26.09.2019, 17.00 \u201322.00 Uhr im Augustiner Br\u00e4u &#8211; Kloster M\u00fclln Salzburg<\/strong><\/p>\n<p><strong>Begr\u00fc\u00dfung<\/strong><br \/>\nSusanna V\u00f6tter-Dankl, Leopold Kohr\u00ae-Akademie<br \/>\nProf. Alfred Winter, Leopold Kohr\u00ae-Akademie<\/p>\n<p><strong>Einf\u00fchrung\/Moderation<\/strong><br \/>\nProf. Dr. Niko Paech, Universit\u00e4t Siegen, Deutschland<\/p>\n<p><strong>ReferentenInnen<\/strong><br \/>\nSepp Eisenriegler, MAS, MBA<br \/>\nReparatur- und Servicezentrum R.U.S.Z, Wien<\/p>\n<p>Martine Postma, \u201eStichting Repair Caf\u00e9 International\u201c, Niederlande<\/p>\n<p><strong>Praktische Umsetzung \/ Salzburg<\/strong><br \/>\nDrin Andrea Hohenwarter, Christian Reisinger, BSc<br \/>\nStadt Salzburg\/Bewohnerservice Lehen und Taxham<br \/>\nOrganisation des Repair Cafe Stadt Salzburg<\/p>\n<p><strong>Podiumsdiskussion mit ReferentenInnen und politischen Vertretern<\/strong><br \/>\nB\u00fcrgermeister-Stv. Bernhard Auinger, Stadt Salzburg<br \/>\nLAbg. Josef Scheinast, Sprecher der Gr\u00fcnen Wirtschaft, Salzburg<\/p>\n<p><strong>Musik\u2014LeRoXa<\/strong><br \/>\nLena Scheibner, Robert Innerhofer, Xandi Reicher<\/p>\n<p>Simon Tasek begleitet filmisch die Veranstaltung, Kunsthilfe Salzburg<br \/>\n\u00dcbersetzung Podiumsdiskussion wenn erw\u00fcnscht: Mag. Peter Linhuber<br \/>\nB\u00fcchertisch von der Rupertus-Buchhandlung<\/p>\n<p><em><strong>\u00c4nderungen m\u00f6glich<\/strong><\/em><\/p>\n<p>Anmeldung erbeten: office@tauriska.at oder Tel.: 0664 5205203<br \/>\nUnterst\u00fctzt von Stadt:Salzburg<\/p>\n<p>&nbsp;<\/p>\n<p>Hier erhalten sie die <a href=\"\/download\/kohr\/Einladung-Reparatur_2019.pdf\"><strong>Einladungskarte (pdf)<\/strong><\/a> mit zus\u00e4tzlichen Informationen zur Veranstaltung.<\/p>\n<p>Mit der Teilnahme an der Veranstaltung stimmen Sie der Anfertigung von Fotos, Ton- und Filmaufnahmen<br \/>\nsowie deren Ver\u00f6ffentlichung zu.<\/p>\n","protected":false},"excerpt":{"rendered":"<p>\u201eWer die Welt retten will, muss die Produkte vor der Verg\u00e4nglichkeit retten: Die Welt der Reparatur\u201c Wissenschaftliche Leitung: Postwachstums\u00f6konom Niko Paech Reparieren \u2013 eine umweltfreundliche Revolution? Wer n\u00e4mlich Dinge nicht [&hellip;]<\/p>\n","protected":false},"author":3,"featured_media":1557,"template":"","meta":{"_tribe_events_status":"","_tribe_events_status_reason":"","footnotes":""},"tags":[],"tribe_events_cat":[],"class_list":["post-1556","tribe_events","type-tribe_events","status-publish","has-post-thumbnail","hentry"],"_links":{"self":[{"href":"https:\/\/www.tauriska.at\/kohr\/wp-json\/wp\/v2\/tribe_events\/1556"}],"collection":[{"href":"https:\/\/www.tauriska.at\/kohr\/wp-json\/wp\/v2\/tribe_events"}],"about":[{"href":"https:\/\/www.tauriska.at\/kohr\/wp-json\/wp\/v2\/types\/tribe_events"}],"author":[{"embeddable":true,"href":"https:\/\/www.tauriska.at\/kohr\/wp-json\/wp\/v2\/users\/3"}],"version-history":[{"count":17,"href":"https:\/\/www.tauriska.at\/kohr\/wp-json\/wp\/v2\/tribe_events\/1556\/revisions"}],"predecessor-version":[{"id":1600,"href":"https:\/\/www.tauriska.at\/kohr\/wp-json\/wp\/v2\/tribe_events\/1556\/revisions\/1600"}],"wp:featuredmedia":[{"embeddable":true,"href":"https:\/\/www.tauriska.at\/kohr\/wp-json\/wp\/v2\/media\/1557"}],"wp:attachment":[{"href":"https:\/\/www.tauriska.at\/kohr\/wp-json\/wp\/v2\/media?parent=1556"}],"wp:term":[{"taxonomy":"post_tag","embeddable":true,"href":"https:\/\/www.tauriska.at\/kohr\/wp-json\/wp\/v2\/tags?post=1556"},{"taxonomy":"tribe_events_cat","embeddable":true,"href":"https:\/\/www.tauriska.at\/kohr\/wp-json\/wp\/v2\/tribe_events_cat?post=1556"}],"curies":[{"name":"wp","href":"https:\/\/api.w.org\/{rel}","templated":true}]}}